{"id":142,"date":"2023-09-01T13:15:50","date_gmt":"2023-09-01T13:15:50","guid":{"rendered":"https:\/\/hileros.com\/?page_id=142"},"modified":"2023-09-01T13:54:12","modified_gmt":"2023-09-01T13:54:12","slug":"nuestro-equipo-2","status":"publish","type":"page","link":"https:\/\/hileros.com\/?page_id=142","title":{"rendered":"Nuestro Equipo"},"content":{"rendered":"<p>[et_pb_section fb_built=\u00bb1&#8243; admin_label=\u00bbHeader\u00bb _builder_version=\u00bb4.22.1&#8243; _module_preset=\u00bbdefault\u00bb background_color=\u00bb#02706a\u00bb custom_padding=\u00bb6vw||||false|false\u00bb border_radii=\u00bboff|||20px|20px\u00bb locked=\u00bboff\u00bb global_colors_info=\u00bb{}\u00bb][et_pb_row column_structure=\u00bb1_2,1_2&#8243; _builder_version=\u00bb4.16&#8243; _module_preset=\u00bbdefault\u00bb global_colors_info=\u00bb{}\u00bb][et_pb_column type=\u00bb1_2&#8243; _builder_version=\u00bb4.16&#8243; _module_preset=\u00bbdefault\u00bb global_colors_info=\u00bb{}\u00bb][et_pb_text _builder_version=\u00bb4.16&#8243; _module_preset=\u00bbe864d11f-3dab-4fa3-ac06-4f0e1a260807&#8243; header_font=\u00bbDM Sans||||||||\u00bb header_text_color=\u00bb#FFFFFF\u00bb header_font_size=\u00bb64px\u00bb header_letter_spacing=\u00bb-0.02em\u00bb header_line_height=\u00bb1.15em\u00bb custom_margin=\u00bb||16px||false|false\u00bb header_font_size_tablet=\u00bb40px\u00bb header_font_size_phone=\u00bb24px\u00bb header_font_size_last_edited=\u00bbon|desktop\u00bb locked=\u00bboff\u00bb global_colors_info=\u00bb{}\u00bb]<\/p>\n<h1>\u00fanete a nuestro equipo<\/h1>\n<p>[\/et_pb_text][et_pb_text _builder_version=\u00bb4.16&#8243; _module_preset=\u00bb41d5859c-fbaa-458a-88e4-5d886857f235&#8243; text_font=\u00bbNanum Myeongjo|700|||||||\u00bb text_text_color=\u00bb#F2EBE4&#8243; text_font_size=\u00bb18px\u00bb text_line_height=\u00bb1.8em\u00bb text_font_size_tablet=\u00bb16px\u00bb text_font_size_phone=\u00bb14px\u00bb text_font_size_last_edited=\u00bbon|phone\u00bb locked=\u00bboff\u00bb global_colors_info=\u00bb{}\u00bb]<\/p>\n<p>Te invitamos a unirte a nuestra causa y ser parte del cambio que queremos ver en Colombia. Juntos, podemos marcar la diferencia y trabajar hacia un futuro mejor para todos, todas y todes. Cada peque\u00f1a contribuci\u00f3n cuenta, y tu apoyo es fundamental para alcanzar nuestros objetivos. \u00a1\u00danete a nosotros y hagamos un impacto positivo en nuestras comunidades y en el mundo entero!<\/p>\n<p>[\/et_pb_text][\/et_pb_column][et_pb_column type=\u00bb1_2&#8243; _builder_version=\u00bb4.16&#8243; _module_preset=\u00bbdefault\u00bb global_colors_info=\u00bb{}\u00bb][et_pb_image src=\u00bbhttps:\/\/hileros.com\/wp-content\/uploads\/2023\/09\/1-2dcdd384-1622-4251-8eed-60cfbaea5c37-512&#215;512.jpg\u00bb title_text=\u00bbngo-illustration-Artboard 8&#8243; _builder_version=\u00bb4.22.1&#8243; _module_preset=\u00bbdefault\u00bb border_width_all=\u00bb2px\u00bb global_colors_info=\u00bb{}\u00bb][\/et_pb_image][\/et_pb_column][\/et_pb_row][\/et_pb_section][et_pb_section fb_built=\u00bb1&#8243; fullwidth=\u00bbon\u00bb _builder_version=\u00bb4.22.1&#8243; _module_preset=\u00bbdefault\u00bb global_colors_info=\u00bb{}\u00bb][et_pb_fullwidth_slider _builder_version=\u00bb4.22.1&#8243; _module_preset=\u00bbdefault\u00bb min_height=\u00bb452px\u00bb global_colors_info=\u00bb{}\u00bb][et_pb_slide heading=\u00bbLIDERaZGO\u00bb _builder_version=\u00bb4.22.1&#8243; _module_preset=\u00bbdefault\u00bb global_colors_info=\u00bb{}\u00bb sticky_transition=\u00bbon\u00bb]<\/p>\n<p>En el coraz\u00f3n de la Corporaci\u00f3n Hileros, el liderazgo ocupa un lugar fundamental. En un mundo donde los desaf\u00edos sociales y ambientales son abundantes, la capacidad de guiar, inspirar y movilizar a individuos y equipos hacia una causa com\u00fan se vuelve cr\u00edtica. La Corporaci\u00f3n Hileros se enorgullece de su compromiso con la promoci\u00f3n del cambio positivo, la b\u00fasqueda de soluciones a problemas apremiantes y la defensa de valores fundamentales como la justicia social, la igualdad y la sostenibilidad. A lo largo de este an\u00e1lisis, exploraremos la naturaleza \u00fanica del liderazgo en la Corporaci\u00f3n Hileros, destacando su influencia en la implementaci\u00f3n de programas, la recaudaci\u00f3n de fondos, la promoci\u00f3n de la causa y, en \u00faltima instancia, el logro de la misi\u00f3n de nuestra organizaci\u00f3n.<\/p>\n<p>[\/et_pb_slide][\/et_pb_fullwidth_slider][\/et_pb_section][et_pb_section fb_built=\u00bb1&#8243; _builder_version=\u00bb4.22.1&#8243; _module_preset=\u00bbdefault\u00bb global_colors_info=\u00bb{}\u00bb][et_pb_row column_structure=\u00bb1_3,1_3,1_3&#8243; _builder_version=\u00bb4.22.1&#8243; _module_preset=\u00bbdefault\u00bb global_colors_info=\u00bb{}\u00bb][et_pb_column type=\u00bb1_3&#8243; _builder_version=\u00bb4.22.1&#8243; _module_preset=\u00bbdefault\u00bb global_colors_info=\u00bb{}\u00bb][et_pb_team_member name=\u00bbJos\u00e9 Santos Caicedo Cabezas\u00bb position=\u00bbCDO &#8211; DIRECTOR DE DESARROLLO\u00bb image_url=\u00bbhttps:\/\/hileros.com\/wp-content\/uploads\/2023\/09\/jose.jpg\u00bb _builder_version=\u00bb4.22.1&#8243; _module_preset=\u00bbdefault\u00bb global_colors_info=\u00bb{}\u00bb]<\/p>\n<p class=\"p1\"><i>Dirigente nacional del movimiento social Proceso de Comunidades Negras (PCN), soci\u00f3logo egresado de la Universidad Cooperativa de Colombia, naci\u00f3 en el a\u00f1o de 1969 en Tumaco (Nari\u00f1o), sus padres le inculcaron un profundo sentido de solidaridad, por tanto, desde joven aprendi\u00f3 que el bienestar de su comunidad depende del trabajo colectivo. Ha venido desarrollando la Ley 70 de 1993, reconociendo a las comunidades negras que de acuerdo con sus pr\u00e1cticas tradicionales de producci\u00f3n les concede el derecho a la propiedad colectiva y establece mecanismos para la protecci\u00f3n de la identidad cultural y de los derechos de las comunidades negras de Colombia como grupo \u00e9tnico y el fortalecimiento de su desarrollo econ\u00f3mico y social, con el fin de garantizar que estas comunidades obtengan condiciones reales de igualdad de oportunidades frente al resto de la sociedad colombiana. <\/i><\/p>\n<p class=\"p1\"><i>En 1996 surge el PCN, donde participo en la asamblea formando parte de un sector radical donde buscaba saldar problem\u00e1ticas hist\u00f3ricas, estructurales que originaban situaciones de dominaci\u00f3n en torno a la radicalizaci\u00f3n. En la actualidad es miembro del Equipo de Coordinaci\u00f3n Nacional del Proceso de Comunidades Negras PCN. <\/i><\/p>\n<p class=\"p1\"><i>En asamblea del 01 de febrero de 2009 nace la Corporaci\u00f3n Agencia Afrocolombiana Hileros la cual es una organizaci\u00f3n sin fines de lucro, que hace parte integral de la organizaci\u00f3n \u00e9tnica, Proceso de Comunidades Negras en Colombia PCN, donde \u00e9l es el Representante legal funci\u00f3n designada por los miembros del PCN, por su gran responsabilidad, compromiso y trayectoria como dirigente social. <\/i><\/p>\n<p>[\/et_pb_team_member][\/et_pb_column][et_pb_column type=\u00bb1_3&#8243; _builder_version=\u00bb4.22.1&#8243; _module_preset=\u00bbdefault\u00bb global_colors_info=\u00bb{}\u00bb][et_pb_team_member name=\u00bbCarlos Alfonso Rosero\u00bb position=\u00bbCSO &#8211; DIRECTOR DE ESTRATEGIA\u00bb image_url=\u00bbhttps:\/\/hileros.com\/wp-content\/uploads\/2023\/09\/BIOGRAFIAS-e1693569939458.jpg\u00bb _builder_version=\u00bb4.22.1&#8243; _module_preset=\u00bbdefault\u00bb global_colors_info=\u00bb{}\u00bb]<\/p>\n<p class=\"p1\"><i>Activista y militante del movimiento negro m\u00e1s comprometido en Colombia con las luchas por el reconocimiento y la implementaci\u00f3n de los derechos territoriales, ambientales, civiles, pol\u00edticos, econ\u00f3micos, sociales y culturales, es co-fundador y miembro del equipo de Coordinaci\u00f3n Nacional del Proceso de Comunidades Negras en Colombia -PCN-, y a nivel internacional particip\u00f3 de la conformaci\u00f3n e hizo parte de la Coordinaci\u00f3n Pol\u00edtica de la Alianza Estrat\u00e9gica de Afrodescendientes de Am\u00e9rica Latina y el Caribe, mecanismo que jug\u00f3 un papel trascendental en el reconocimiento de la situaci\u00f3n y los derechos de los afrodescendientes. <\/i><\/p>\n<p class=\"p1\"><i>Nacido en Buenaventura el 05 de septiembre de 1959, estudio antropolog\u00eda en la Universidad Nacional, Participo en la Asamblea Nacional Constituyente, Entre sus grandes contribuciones se destaca el aporte hecho para la expedici\u00f3n de la Ley 70 de 1993 &#8211; considerada por muchos estudiosos como una de las mayores conquistas en materia de reparaciones para la Di\u00e1spora Africana en el mundo. <\/i><\/p>\n<p class=\"p1\"><i>Su liderazgo por m\u00e1s de 25 a\u00f1os ha permitido que sea reconocido como un hombre comprometido, serio y coherente con la defensa de los derechos \u00e9tnicos del pueblo negro colombiano. <\/i><\/p>\n<p>[\/et_pb_team_member][\/et_pb_column][et_pb_column type=\u00bb1_3&#8243; _builder_version=\u00bb4.22.1&#8243; _module_preset=\u00bbdefault\u00bb global_colors_info=\u00bb{}\u00bb][et_pb_team_member name=\u00bbClemencia Carabali Rodallega\u00bb position=\u00bbCPO &#8211; DIRECTORA DE PROGRAMAS\u00bb image_url=\u00bbhttps:\/\/hileros.com\/wp-content\/uploads\/2023\/09\/clemencia-e1693570051561.jpg\u00bb _builder_version=\u00bb4.22.1&#8243; _module_preset=\u00bbdefault\u00bb custom_margin=\u00bb|||-21px||\u00bb global_colors_info=\u00bb{}\u00bb]<\/p>\n<p class=\"p1\"><i>Lideresa afrocolombiana, nacida en Buenos Aires (Cauca), tecn\u00f3loga industrial, administradora de empresas. Ganadora del Premio Woodrow Wilson y el Premio Nacional por su trabajo en favor de los derechos humanos, y fundadora de la Asociaci\u00f3n de Mujeres Afrodescendientes del Norte del Cauca \u2013ASOM y ha hecho parte de grupos sociales y pol\u00edticos como Proceso de Comunidades Negras (PCN) y el movimiento Soy porque Somos. <\/i><\/p>\n<p class=\"p1\"><i>Es reconocida por liderar durante m\u00e1s de 30 a\u00f1os, procesos de reconocimiento de v\u00edctimas del conflicto armado, su labor se ha enfocado en la defensa y reivindicaci\u00f3n de los Derechos Humanos y \u00e9tnico-territoriales de las comunidades negras y en especial de las mujeres afrodescendientes de Colombia, especialmente del Norte del Cauca y la Costa Pac\u00edfica caucana. Su trabajo ha contribuido significativamente en la lucha contra la impunidad, desde procesos individuales y colectivos de construcci\u00f3n de memoria y la b\u00fasqueda de la dignidad, verdad, reparaci\u00f3n y justicia para las v\u00edctimas. <\/i><\/p>\n<p>[\/et_pb_team_member][\/et_pb_column][\/et_pb_row][\/et_pb_section][et_pb_section fb_built=\u00bb1&#8243; admin_label=\u00bbCall to action\u00bb _builder_version=\u00bb4.16&#8243; _module_preset=\u00bbdefault\u00bb background_color=\u00bb#f5f3ee\u00bb global_colors_info=\u00bb{}\u00bb][et_pb_row column_structure=\u00bb1_4,1_4,1_4,1_4&#8243; _builder_version=\u00bb4.22.1&#8243; _module_preset=\u00bbdefault\u00bb global_colors_info=\u00bb{}\u00bb][et_pb_column type=\u00bb1_4&#8243; _builder_version=\u00bb4.22.1&#8243; _module_preset=\u00bbdefault\u00bb global_colors_info=\u00bb{}\u00bb][et_pb_team_member name=\u00bbMelba Cecilia Garces Aramburo\u00bb position=\u00bbGerente\u00bb image_url=\u00bbhttps:\/\/hileros.com\/wp-content\/uploads\/2023\/09\/3-657a2121-38dc-421a-b1e6-0013c53f02ad-512&#215;512.jpg\u00bb _builder_version=\u00bb4.22.1&#8243; _module_preset=\u00bbdefault\u00bb global_colors_info=\u00bb{}\u00bb]<\/p>\n<p>Melba Cecilia, como gerente de nuestra corporaci\u00f3n, es una lidereza comprometida con la misi\u00f3n de la organizaci\u00f3n. Su responsabilidad abarca la supervisi\u00f3n de la planificaci\u00f3n estrat\u00e9gica, la ejecuci\u00f3n de programas, la gesti\u00f3n de recursos y la coordinaci\u00f3n de equipos. Melba juega un papel fundamental para asegurar que nuestra corporaci\u00f3n cumpla su misi\u00f3n y contribuya de manera efectiva a la soluci\u00f3n de problemas del movimiento negro.<\/p>\n<p>[\/et_pb_team_member][\/et_pb_column][et_pb_column type=\u00bb1_4&#8243; _builder_version=\u00bb4.22.1&#8243; _module_preset=\u00bbdefault\u00bb global_colors_info=\u00bb{}\u00bb][et_pb_team_member name=\u00bbEmerson Ariel Fajardo Aguirre\u00bb position=\u00bbAdministrador\u00bb image_url=\u00bbhttps:\/\/hileros.com\/wp-content\/uploads\/2023\/09\/0-2b0f5fb0-6c93-40d5-90b3-3ba09ff02568-512&#215;512.jpg\u00bb _builder_version=\u00bb4.22.1&#8243; _module_preset=\u00bbdefault\u00bb global_colors_info=\u00bb{}\u00bb]<\/p>\n<p>Emerson Ariel, en su rol como administrador, desempe\u00f1a una funci\u00f3n clave en la gesti\u00f3n y operaci\u00f3n de nuestra corporaci\u00f3n. Su labor abarca la administraci\u00f3n de recursos, la coordinaci\u00f3n de actividades y el apoyo a la implementaci\u00f3n de programas. Como administrador, tambi\u00e9n juega un papel crucial en la garant\u00eda de la transparencia financiera y el cumplimiento de los requisitos legales y reglamentarios, lo que permite que nuestra organizaci\u00f3n funcione de manera efectiva y cumpla con \u00e9xito su misi\u00f3n de impactar positivamente en nuestra comunidad bajo la direcci\u00f3n de Melba Cecilia, nuestra gerente.<\/p>\n<p>[\/et_pb_team_member][\/et_pb_column][et_pb_column type=\u00bb1_4&#8243; _builder_version=\u00bb4.22.1&#8243; _module_preset=\u00bbdefault\u00bb global_colors_info=\u00bb{}\u00bb][et_pb_team_member name=\u00bbHarold Fernando Bravo Padilla\u00bb position=\u00bbRevisor Fiscal\u00bb image_url=\u00bbhttps:\/\/hileros.com\/wp-content\/uploads\/2023\/09\/0-58bc6013-4c0a-424d-b827-a08aaba5a1a1-512&#215;512.jpg\u00bb _builder_version=\u00bb4.22.1&#8243; _module_preset=\u00bbdefault\u00bb global_colors_info=\u00bb{}\u00bb]<\/p>\n<p>La Corporaci\u00f3n Hileros, con Harold Fernando en el rol de revisor fiscal, desempe\u00f1a un papel crucial al garantizar la integridad financiera y la transparencia de la entidad. Su principal responsabilidad radica en la revisi\u00f3n y auditor\u00eda de los registros financieros y contables de la Corporaci\u00f3n Hileros para asegurar la exactitud y conformidad con las regulaciones legales y los est\u00e1ndares contables aplicables. Adem\u00e1s, Harold Fernando desempe\u00f1a un papel fundamental al asesorar sobre el cumplimiento de las normativas fiscales y legales, proporcionando recomendaciones para mejorar los sistemas de control interno y contribuyendo a la rendici\u00f3n de cuentas ante donantes y la comunidad. Su labor es esencial para mantener la confianza de los donantes, corporaciones cercanas y otras partes interesadas, asegurando que los fondos se utilicen de manera responsable y en l\u00ednea con la misi\u00f3n de la Corporaci\u00f3n Hileros, lo que a su vez permite que la organizaci\u00f3n contin\u00fae su labor de apoyo al movimiento negro.<\/p>\n<p>[\/et_pb_team_member][\/et_pb_column][et_pb_column type=\u00bb1_4&#8243; _builder_version=\u00bb4.22.1&#8243; _module_preset=\u00bbdefault\u00bb global_colors_info=\u00bb{}\u00bb][et_pb_team_member name=\u00bbJenis Tatiana Lopez Sarge\u00bb position=\u00bbContadora\u00bb image_url=\u00bbhttps:\/\/hileros.com\/wp-content\/uploads\/2023\/09\/3-1051a58a-20a6-4048-a9c2-82fbfdce604f-512&#215;512.jpg\u00bb _builder_version=\u00bb4.22.1&#8243; _module_preset=\u00bbdefault\u00bb global_colors_info=\u00bb{}\u00bb]<\/p>\n<p>El rol de contadora en la Corporaci\u00f3n Hileros, desempe\u00f1ado por Yenis Tatiana, es esencial para garantizar la gesti\u00f3n financiera precisa y eficiente de la organizaci\u00f3n. Yenis Tatiana, a cargo de supervisar y mantener registros financieros precisos, desempe\u00f1a un papel cr\u00edtico en la administraci\u00f3n de los recursos econ\u00f3micos y en el cumplimiento de las obligaciones fiscales y legales. Adem\u00e1s, se encarga de la elaboraci\u00f3n de informes financieros y presupuestos, lo que permite a la Corporaci\u00f3n Hileros tomar decisiones informadas y estrat\u00e9gicas para la consecuci\u00f3n de su misi\u00f3n. Su labor asegura la transparencia y la integridad en la gesti\u00f3n de los fondos, fortaleciendo la confianza de los donantes y socios, y contribuyendo al logro exitoso de los objetivos y proyectos que impulsan el impacto positivo de la organizaci\u00f3n y el movimiento negro.<\/p>\n<p>[\/et_pb_team_member][\/et_pb_column][\/et_pb_row][\/et_pb_section][et_pb_section fb_built=\u00bb1&#8243; _builder_version=\u00bb4.22.1&#8243; _module_preset=\u00bbdefault\u00bb global_colors_info=\u00bb{}\u00bb][et_pb_row column_structure=\u00bb1_5,1_5,1_5,1_5,1_5&#8243; _builder_version=\u00bb4.22.1&#8243; _module_preset=\u00bbdefault\u00bb global_colors_info=\u00bb{}\u00bb][et_pb_column type=\u00bb1_5&#8243; _builder_version=\u00bb4.22.1&#8243; _module_preset=\u00bbdefault\u00bb global_colors_info=\u00bb{}\u00bb][et_pb_team_member name=\u00bbLuisa Mar\u00eda Bueno Valencia\u00bb position=\u00bbAuxiliar Jur\u00eddica\u00bb image_url=\u00bbhttps:\/\/hileros.com\/wp-content\/uploads\/2023\/09\/2-8bfa1ef8-9389-4b86-a302-fde70d03b1fe-512&#215;512.jpg\u00bb _builder_version=\u00bb4.22.1&#8243; _module_preset=\u00bbdefault\u00bb global_colors_info=\u00bb{}\u00bb]<\/p>\n<p>Luisa Maria, desempe\u00f1ando el rol de auxiliar jur\u00eddica, proporciona apoyo valioso al revisor fiscal Harold Fernando. Su labor incluye tareas relacionadas con la documentaci\u00f3n legal, la investigaci\u00f3n fiscal y legal, la organizaci\u00f3n de auditor\u00edas, la gesti\u00f3n de registros y la comunicaci\u00f3n interna. Luisa Maria juega un papel fundamental al facilitar el trabajo de Harold Fernando y contribuir al cumplimiento normativo y la transparencia financiera en la organizaci\u00f3n. Su colaboraci\u00f3n eficiente es esencial para el \u00e9xito del equipo encargado de garantizar la integridad financiera y legal de la entidad.<\/p>\n<p>[\/et_pb_team_member][\/et_pb_column][et_pb_column type=\u00bb1_5&#8243; _builder_version=\u00bb4.22.1&#8243; _module_preset=\u00bbdefault\u00bb global_colors_info=\u00bb{}\u00bb][et_pb_team_member name=\u00bbLuz Patricia Rodriguez Caicedo\u00bb position=\u00bbAsistente Administrativa\u00bb image_url=\u00bbhttps:\/\/hileros.com\/wp-content\/uploads\/2023\/09\/1-e38a6520-2abf-4e52-baf9-db70c02e7f50-512&#215;512.jpg\u00bb _builder_version=\u00bb4.22.1&#8243; _module_preset=\u00bbdefault\u00bb global_colors_info=\u00bb{}\u00bb]<\/p>\n<div class=\"flex flex-grow flex-col gap-3 max-w-full\">\n<div class=\"min-h-[20px] flex flex-col items-start gap-3 overflow-x-auto whitespace-pre-wrap break-words\">\n<div class=\"markdown prose w-full break-words dark:prose-invert light\">\n<p>Luz Patricia, en su rol de asistente administrativa, brinda apoyo invaluable a Emerson Ariel. Sus responsabilidades abarcan la gesti\u00f3n de la correspondencia, la programaci\u00f3n de reuniones, la atenci\u00f3n a llamadas telef\u00f3nicas, la elaboraci\u00f3n de informes y la coordinaci\u00f3n de actividades internas. Luz Patricia juega un papel fundamental al mantener un flujo de trabajo eficiente y facilitar las operaciones diarias de la organizaci\u00f3n, lo que permite a Emerson Ariel y al equipo de liderazgo concentrarse en sus responsabilidades clave en la Corporaci\u00f3n Hileros.<\/p>\n<\/div>\n<\/div>\n<\/div>\n<div class=\"flex justify-between lg:block\">\n<div class=\"text-gray-400 flex self-end lg:self-center justify-center mt-2 gap-2 md:gap-3 lg:gap-1 lg:absolute lg:top-0 lg:translate-x-full lg:right-0 lg:mt-0 lg:pl-2 visible\"><\/div>\n<\/div>\n<div class=\"h-32 md:h-48 flex-shrink-0\"><\/div>\n<div class=\"flex-1 overflow-hidden\">\n<div class=\"react-scroll-to-bottom--css-ajhxt-79elbk h-full dark:bg-gray-800\"><\/div>\n<\/div>\n<div class=\"absolute bottom-0 left-0 w-full border-t md:border-t-0 dark:border-white\/20 md:border-transparent md:dark:border-transparent md:bg-vert-light-gradient bg-white dark:bg-gray-800 md:!bg-transparent dark:md:bg-vert-dark-gradient pt-2 md:pl-2 md:w-[calc(100%-.5rem)]\">\n<form class=\"stretch mx-2 flex flex-row gap-3 last:mb-2 md:mx-4 md:last:mb-6 lg:mx-auto lg:max-w-2xl xl:max-w-3xl\">\n<div class=\"relative flex h-full flex-1 items-stretch md:flex-col\">\n<div>\n<div class=\"h-full flex ml-1 md:w-full md:m-auto md:mb-4 gap-0 md:gap-2 justify-center\">\n<div class=\"grow\"><\/div>\n<\/div>\n<\/div>\n<\/div>\n<\/form>\n<\/div>\n<p>[\/et_pb_team_member][\/et_pb_column][et_pb_column type=\u00bb1_5&#8243; _builder_version=\u00bb4.22.1&#8243; _module_preset=\u00bbdefault\u00bb global_colors_info=\u00bb{}\u00bb][et_pb_team_member name=\u00bbJuan David Torres Hurtado\u00bb position=\u00bbAsistente Administrativo\u00bb image_url=\u00bbhttps:\/\/hileros.com\/wp-content\/uploads\/2023\/09\/3-8f0b8aed-2cc7-4082-84fc-ee4b5f36e3b5-512&#215;512.jpg\u00bb _builder_version=\u00bb4.22.1&#8243; _module_preset=\u00bbdefault\u00bb global_colors_info=\u00bb{}\u00bb]<\/p>\n<p>Juan David, como asistente administrativo en mutua colaboraci\u00f3n con Luz Patricia, desempe\u00f1a un rol esencial en la organizaci\u00f3n. Juntos, se encargan de gestionar la correspondencia, coordinar reuniones, atender llamadas telef\u00f3nicas, elaborar informes y facilitar la coordinaci\u00f3n de actividades internas. Su colaboraci\u00f3n eficiente contribuye de manera significativa a mantener un flujo de trabajo eficaz y a asegurar que las operaciones diarias de la organizaci\u00f3n funcionen sin problemas. Esto permite que el equipo de liderazgo, incluyendo a Emerson Ariel, se enfoque en sus responsabilidades clave en la Corporaci\u00f3n Hileros, asegurando un funcionamiento efectivo de la entidad.<\/p>\n<p>[\/et_pb_team_member][\/et_pb_column][et_pb_column type=\u00bb1_5&#8243; _builder_version=\u00bb4.22.1&#8243; _module_preset=\u00bbdefault\u00bb global_colors_info=\u00bb{}\u00bb][et_pb_team_member name=\u00bbLaura Carolina Mora Caballero\u00bb position=\u00bbAsistente Contable\u00bb image_url=\u00bbhttps:\/\/hileros.com\/wp-content\/uploads\/2023\/09\/0-6028edf4-ceb6-4d00-a13b-1ea1a59f11f4-512&#215;512.jpg\u00bb _builder_version=\u00bb4.22.1&#8243; _module_preset=\u00bbdefault\u00bb global_colors_info=\u00bb{}\u00bb]<\/p>\n<p>Laura Carolina, en su papel de asistente contable, brinda apoyo valioso a Yenis Tatiana en el departamento financiero. Sus responsabilidades incluyen la preparaci\u00f3n y verificaci\u00f3n de registros financieros, la gesti\u00f3n de facturas y recibos, la conciliaci\u00f3n bancaria y el apoyo en la preparaci\u00f3n de informes contables. La colaboraci\u00f3n de Laura Carolina es esencial para mantener registros financieros precisos y garantizar el cumplimiento normativo, lo que contribuye al \u00e9xito de Yenis Tatiana y al funcionamiento eficiente del equipo financiero en la Corporaci\u00f3n Hileros.<\/p>\n<p>[\/et_pb_team_member][\/et_pb_column][et_pb_column type=\u00bb1_5&#8243; _builder_version=\u00bb4.22.1&#8243; _module_preset=\u00bbdefault\u00bb global_colors_info=\u00bb{}\u00bb][et_pb_team_member name=\u00bbC\u00e9sar Alfonso Garc\u00eda Ther\u00e1n\u00bb position=\u00bbAuxiliar Contable\u00bb image_url=\u00bbhttps:\/\/hileros.com\/wp-content\/uploads\/2023\/09\/0-0e053816-27af-44fd-aec1-257db59c2302-512&#215;512.jpg\u00bb _builder_version=\u00bb4.22.1&#8243; _module_preset=\u00bbdefault\u00bb global_colors_info=\u00bb{}\u00bb]<\/p>\n<p>La incorporaci\u00f3n de Cesar Alfonso como auxiliar contable en el equipo financiero de la Corporaci\u00f3n Hileros refuerza a\u00fan m\u00e1s la capacidad del departamento para llevar a cabo tareas cr\u00edticas relacionadas con la contabilidad. Trabajando junto a Laura Carolina, Yenis Tatiana y Liliana Moreno, Cesar Alfonso contribuye a la preparaci\u00f3n y verificaci\u00f3n de registros financieros, la gesti\u00f3n de facturas y recibos, la conciliaci\u00f3n bancaria y la colaboraci\u00f3n en la preparaci\u00f3n de informes contables. Este equipo dedicado garantiza la precisi\u00f3n de los registros financieros y el cumplimiento normativo, desempe\u00f1ando un papel esencial en el \u00e9xito financiero y la integridad contable de la organizaci\u00f3n.<\/p>\n<p>[\/et_pb_team_member][\/et_pb_column][\/et_pb_row][et_pb_row _builder_version=\u00bb4.22.1&#8243; _module_preset=\u00bbdefault\u00bb global_colors_info=\u00bb{}\u00bb][et_pb_column type=\u00bb4_4&#8243; _builder_version=\u00bb4.22.1&#8243; _module_preset=\u00bbdefault\u00bb global_colors_info=\u00bb{}\u00bb][et_pb_team_member name=\u00bbCarlos Mario Rodriguez Sol\u00eds\u00bb position=\u00bbGesti\u00f3n de Servicios de Mensajer\u00eda y Administrativo\u00bb image_url=\u00bbhttps:\/\/hileros.com\/wp-content\/uploads\/2023\/09\/2-f6e78c44-c61c-4eda-854f-66a1739b7745-512&#215;512.jpg\u00bb _builder_version=\u00bb4.22.1&#8243; _module_preset=\u00bbdefault\u00bb global_colors_info=\u00bb{}\u00bb]<\/p>\n<p>Carlos Mario, en su rol como mensajero y gestor de servicios de mensajer\u00eda, desempe\u00f1a una labor fundamental en la organizaci\u00f3n. Adem\u00e1s de la entrega y transporte de documentos y paquetes, tambi\u00e9n se encarga de administrar eficientemente la log\u00edstica de mensajer\u00eda, coordinando rutas y horarios para asegurar entregas oportunas. Su papel va m\u00e1s all\u00e1 de las entregas f\u00edsicas, ya que tambi\u00e9n puede involucrar tareas administrativas como el registro y seguimiento de entregas, la gesti\u00f3n de la documentaci\u00f3n relacionada con los env\u00edos y la comunicaci\u00f3n con clientes o destinatarios. Carlos Mario juega un papel clave en mantener una comunicaci\u00f3n efectiva y una log\u00edstica precisa en la organizaci\u00f3n.<\/p>\n<p>[\/et_pb_team_member][\/et_pb_column][\/et_pb_row][\/et_pb_section]<\/p>\n","protected":false},"excerpt":{"rendered":"<p>\u00fanete a nuestro equipoTe invitamos a unirte a nuestra causa y ser parte del cambio que queremos ver en Colombia. Juntos, podemos marcar la diferencia y trabajar hacia un futuro mejor para todos, todas y todes. Cada peque\u00f1a contribuci\u00f3n cuenta, y tu apoyo es fundamental para alcanzar nuestros objetivos. \u00a1\u00danete a nosotros y hagamos un [&hellip;]<\/p>\n","protected":false},"author":1,"featured_media":0,"parent":0,"menu_order":0,"comment_status":"closed","ping_status":"closed","template":"","meta":{"_et_pb_use_builder":"on","_et_pb_old_content":"","_et_gb_content_width":"","footnotes":""},"class_list":["post-142","page","type-page","status-publish","hentry"],"_links":{"self":[{"href":"https:\/\/hileros.com\/index.php?rest_route=\/wp\/v2\/pages\/142","targetHints":{"allow":["GET"]}}],"collection":[{"href":"https:\/\/hileros.com\/index.php?rest_route=\/wp\/v2\/pages"}],"about":[{"href":"https:\/\/hileros.com\/index.php?rest_route=\/wp\/v2\/types\/page"}],"author":[{"embeddable":true,"href":"https:\/\/hileros.com\/index.php?rest_route=\/wp\/v2\/users\/1"}],"replies":[{"embeddable":true,"href":"https:\/\/hileros.com\/index.php?rest_route=%2Fwp%2Fv2%2Fcomments&post=142"}],"version-history":[{"count":8,"href":"https:\/\/hileros.com\/index.php?rest_route=\/wp\/v2\/pages\/142\/revisions"}],"predecessor-version":[{"id":186,"href":"https:\/\/hileros.com\/index.php?rest_route=\/wp\/v2\/pages\/142\/revisions\/186"}],"wp:attachment":[{"href":"https:\/\/hileros.com\/index.php?rest_route=%2Fwp%2Fv2%2Fmedia&parent=142"}],"curies":[{"name":"wp","href":"https:\/\/api.w.org\/{rel}","templated":true}]}}